{"id":18553,"date":"2021-04-02T14:51:56","date_gmt":"2021-04-02T12:51:56","guid":{"rendered":"https:\/\/www.slow-tourisme-lab.fr\/?page_id=18553"},"modified":"2022-03-18T16:20:42","modified_gmt":"2022-03-18T15:20:42","slug":"sejours-immersifs","status":"publish","type":"page","link":"https:\/\/www.slow-tourisme-lab.fr\/fr\/sejours-immersifs\/","title":{"rendered":"S\u00e9jours Immersifs et Bien \u00eatre"},"content":{"rendered":"<div class=\"wpb-content-wrapper\"><p>[vc_row css_animation=\u00a0\u00bb\u00a0\u00bb row_type=\u00a0\u00bbrow\u00a0\u00bb use_row_as_full_screen_section=\u00a0\u00bbno\u00a0\u00bb type=\u00a0\u00bbfull_width\u00a0\u00bb angled_section=\u00a0\u00bbno\u00a0\u00bb text_align=\u00a0\u00bbleft\u00a0\u00bb background_image_as_pattern=\u00a0\u00bbwithout_pattern\u00a0\u00bb][vc_column][vc_empty_space][\/vc_column][\/vc_row][vc_row css_animation=\u00a0\u00bb\u00a0\u00bb row_type=\u00a0\u00bbrow\u00a0\u00bb use_row_as_full_screen_section=\u00a0\u00bbno\u00a0\u00bb type=\u00a0\u00bbfull_width\u00a0\u00bb angled_section=\u00a0\u00bbno\u00a0\u00bb text_align=\u00a0\u00bbleft\u00a0\u00bb background_image_as_pattern=\u00a0\u00bbwithout_pattern\u00a0\u00bb][vc_column width=\u00a0\u00bb1\/3&Prime;][\/vc_column][vc_column width=\u00a0\u00bb1\/3&Prime;][vc_single_image image=\u00a0\u00bb19729&Prime; img_size=\u00a0\u00bbmedium\u00a0\u00bb alignment=\u00a0\u00bbcenter\u00a0\u00bb onclick=\u00a0\u00bbcustom_link\u00a0\u00bb img_link_target=\u00a0\u00bb_blank\u00a0\u00bb qode_css_animation=\u00a0\u00bb\u00a0\u00bb][vc_empty_space][vc_column_text]<\/p>\n<h2 style=\"text-align: left\">Le Ch\u00e2teau de G\u00e9raudot<\/h2>\n<p>&nbsp;<\/p>\n<p>Le Ch\u00e2teau de G\u00e9raudot et de son parc arbor\u00e9 a \u00e9t\u00e9 retenu dans le cadre de la cr\u00e9ation d\u2019une offre de slow tourisme par la mise en valeur du site naturel et patrimonial. Cette offre permet \u00e0 ses h\u00f4tes une d\u00e9couverte par l\u2019appr\u00e9hension sensorielle compl\u00e8te de la richesse de la faune et flore sauvages. Son offre d\u2019h\u00e9bergement enrichie de prestations autour du bien-\u00eatre, des mobilit\u00e9s douces et d\u2019ateliers de transformation de la laine issue des moutons du parc permet une d\u00e9couverte originale et authentique d\u2019un savoir-faire local oubli\u00e9s (filage et tissage).[\/vc_column_text][vc_empty_space][\/vc_column][vc_column width=\u00a0\u00bb1\/3&Prime;][vc_single_image image=\u00a0\u00bb19739&Prime; img_size=\u00a0\u00bbmedium\u00a0\u00bb alignment=\u00a0\u00bbcenter\u00a0\u00bb onclick=\u00a0\u00bbcustom_link\u00a0\u00bb img_link_target=\u00a0\u00bb_blank\u00a0\u00bb qode_css_animation=\u00a0\u00bb\u00a0\u00bb][vc_empty_space][vc_column_text]<\/p>\n<div class=\"wpb_text_column wpb_content_element \">\n<div class=\"wpb_wrapper\">\n<h2>Relais du Bien-\u00eatre<\/h2>\n<p>&nbsp;<\/p>\n<\/div>\n<\/div>\n<div class=\"wpb_text_column wpb_content_element \">\n<div class=\"wpb_wrapper\">\n<p>Relais du Bien-\u00eatre \u00e9labore des s\u00e9jours \u00e0 la carte et personnalis\u00e9s \u00e0 taille humaine dans des demeures historiques. Les s\u00e9jours th\u00e9matiques sont destin\u00e9s \u00e0 des personnes n\u00e9cessitant d\u2019\u00eatre accompagn\u00e9es dans diff\u00e9rentes \u00e9tapes de leur vie. D\u00e9couvrez ses moments privil\u00e9gi\u00e9s et bienveillants pour les aidants familiaux, les personnes endeuill\u00e9s, les jeunes retrait\u00e9s, les hommes et les femmes en r\u00e9mission ou encore pour les entreprises et leur probl\u00e9matique de bien \u00eatre au travail.<\/p>\n<\/div>\n<\/div>\n<p>[\/vc_column_text][vc_empty_space][\/vc_column][\/vc_row][vc_row css_animation=\u00a0\u00bb\u00a0\u00bb row_type=\u00a0\u00bbrow\u00a0\u00bb use_row_as_full_screen_section=\u00a0\u00bbno\u00a0\u00bb type=\u00a0\u00bbfull_width\u00a0\u00bb angled_section=\u00a0\u00bbno\u00a0\u00bb text_align=\u00a0\u00bbleft\u00a0\u00bb background_image_as_pattern=\u00a0\u00bbwithout_pattern\u00a0\u00bb][vc_column width=\u00a0\u00bb1\/3&Prime;][vc_single_image image=\u00a0\u00bb18559&Prime; alignment=\u00a0\u00bbcenter\u00a0\u00bb onclick=\u00a0\u00bbcustom_link\u00a0\u00bb img_link_target=\u00a0\u00bb_blank\u00a0\u00bb qode_css_animation=\u00a0\u00bb\u00a0\u00bb link=\u00a0\u00bbhttps:\/\/www.slow-tourisme-lab.fr\/fr\/alma-mundi\/\u00a0\u00bb][vc_empty_space][vc_column_text]<\/p>\n<h2 style=\"text-align: left\"><a href=\"https:\/\/www.slow-tourisme-lab.fr\/fr\/alma-mundi\/\" target=\"_blank\" rel=\"noopener noreferrer\">Alma Mundi<\/a><\/h2>\n<p>&nbsp;<\/p>\n<p>Alma Mundi organise des s\u00e9jours th\u00e9matiques avec des conf\u00e9rences, des ateliers et des \u00e9changes, pour s\u2019ouvrir au monde et se nourrir de ses bienfaits. Alma Mundi est \u00e9galement sp\u00e9cialiste dans la pr\u00e9paration de thalasso Corps \/Esprit et stages d\u2019\u00e9panouissements personnels.[\/vc_column_text][\/vc_column][vc_column width=\u00a0\u00bb1\/3&Prime;][vc_single_image image=\u00a0\u00bb18556&Prime; alignment=\u00a0\u00bbcenter\u00a0\u00bb onclick=\u00a0\u00bbcustom_link\u00a0\u00bb img_link_target=\u00a0\u00bb_blank\u00a0\u00bb qode_css_animation=\u00a0\u00bb\u00a0\u00bb link=\u00a0\u00bbhttps:\/\/www.slow-tourisme-lab.fr\/fr\/oh-la-vache\/\u00a0\u00bb][vc_empty_space][vc_column_text]<\/p>\n<h2 style=\"text-align: left\"><a href=\"https:\/\/www.slow-tourisme-lab.fr\/fr\/oh-la-vache\/\" target=\"_blank\" rel=\"noopener noreferrer\">Oh la vache<\/a><\/h2>\n<p>&nbsp;<\/p>\n<p>Oh la vache propose des s\u00e9jours en immersion, \u00e0 la ferme. Les participants sont initi\u00e9s au travail quotidien du producteur, ils participent aux t\u00e2ches et garantissent un revenu compl\u00e9mentaire aux paysans en \u00e9change d\u2019un moment convivial et authentique. Rencontrez des producteurs vachement sympas et engag\u00e9s pour une agriculture responsable.[\/vc_column_text][\/vc_column][vc_column width=\u00a0\u00bb1\/3&Prime;][vc_single_image image=\u00a0\u00bb19398&Prime; alignment=\u00a0\u00bbcenter\u00a0\u00bb qode_css_animation=\u00a0\u00bb\u00a0\u00bb][vc_empty_space][vc_column_text]<\/p>\n<div class=\"wpb_text_column wpb_content_element \">\n<div class=\"wpb_wrapper\">\n<h2><a href=\"https:\/\/www.slow-tourisme-lab.fr\/fr\/odysway\/\" target=\"_blank\" rel=\"noopener noreferrer\">Odysway<\/a><\/h2>\n<p>&nbsp;<\/p>\n<p>Une agence de voyage qui propose des s\u00e9jours en France ou \u00e0 l\u2019\u00e9tranger. Vivez des moments uniques en immersion. Vous partirez \u00e0 la rencontre des locaux afin de d\u00e9couvrir leur quotidien et coutumes. Chaque voyage est authentique et vous permet de vivre l\u2019inattendu \u00e0 travers des exp\u00e9riences riches en \u00e9motions et inoubliables.<\/p>\n<\/div>\n<\/div>\n<div class=\"vc_empty_space\"><\/div>\n<p>[\/vc_column_text][\/vc_column][\/vc_row][vc_row css_animation=\u00a0\u00bb\u00a0\u00bb row_type=\u00a0\u00bbrow\u00a0\u00bb use_row_as_full_screen_section=\u00a0\u00bbno\u00a0\u00bb type=\u00a0\u00bbfull_width\u00a0\u00bb angled_section=\u00a0\u00bbno\u00a0\u00bb text_align=\u00a0\u00bbleft\u00a0\u00bb background_image_as_pattern=\u00a0\u00bbwithout_pattern\u00a0\u00bb][vc_column][vc_empty_space height=\u00a0\u00bb100px\u00a0\u00bb][\/vc_column][\/vc_row][vc_row css_animation=\u00a0\u00bb\u00a0\u00bb row_type=\u00a0\u00bbrow\u00a0\u00bb use_row_as_full_screen_section=\u00a0\u00bbno\u00a0\u00bb type=\u00a0\u00bbfull_width\u00a0\u00bb angled_section=\u00a0\u00bbno\u00a0\u00bb text_align=\u00a0\u00bbleft\u00a0\u00bb background_image_as_pattern=\u00a0\u00bbwithout_pattern\u00a0\u00bb][vc_column width=\u00a0\u00bb1\/3&Prime;][vc_empty_space][vc_empty_space][vc_empty_space][vc_empty_space][vc_single_image image=\u00a0\u00bb18845&Prime; img_size=\u00a0\u00bbmedium\u00a0\u00bb alignment=\u00a0\u00bbcenter\u00a0\u00bb onclick=\u00a0\u00bbcustom_link\u00a0\u00bb img_link_target=\u00a0\u00bb_blank\u00a0\u00bb qode_css_animation=\u00a0\u00bb\u00a0\u00bb link=\u00a0\u00bbhttps:\/\/www.slow-tourisme-lab.fr\/fr\/racines\/\u00a0\u00bb][vc_empty_space height=\u00a0\u00bb15px\u00a0\u00bb][vc_empty_space][vc_column_text]<\/p>\n<h2 style=\"text-align: left\"><a href=\"https:\/\/www.slow-tourisme-lab.fr\/fr\/racines\/\" target=\"_blank\" rel=\"noopener noreferrer\">Racines Voyages<\/a><\/h2>\n<p>&nbsp;<\/p>\n<p>C&rsquo;est une agence sp\u00e9cialiste du tourisme g\u00e9n\u00e9alogique. Elle propose aux visiteurs canadiens, qu\u00e9becois, anglais, am\u00e9ricains etc. de retourner sur les traces de leurs anc\u00eatres gr\u00e2ce \u00e0 des circuits, adaptables sur mesure. Les s\u00e9jours peuvent \u00eatre orient\u00e9s vers la d\u00e9couverte du patrimoine, la randonn\u00e9e, les \u00e9v\u00e9nements culturels, le shopping.[\/vc_column_text][\/vc_column][vc_column width=\u00a0\u00bb1\/3&Prime;][vc_empty_space][vc_empty_space][vc_empty_space][vc_empty_space][vc_single_image image=\u00a0\u00bb18391&Prime; alignment=\u00a0\u00bbcenter\u00a0\u00bb onclick=\u00a0\u00bbcustom_link\u00a0\u00bb img_link_target=\u00a0\u00bb_blank\u00a0\u00bb qode_css_animation=\u00a0\u00bb\u00a0\u00bb link=\u00a0\u00bbhttps:\/\/www.slow-tourisme-lab.fr\/fr\/teletravel\/\u00a0\u00bb][vc_empty_space][vc_column_text]<\/p>\n<h2 style=\"text-align: left\"><a href=\"https:\/\/www.slow-tourisme-lab.fr\/fr\/teletravel\/\" target=\"_blank\" rel=\"noopener noreferrer\">Teletravel<\/a><\/h2>\n<p>&nbsp;<\/p>\n<p>Gr\u00e2ce \u00e0 ce nouveau projet, les voyageurs pourront voyager toute l&rsquo;ann\u00e9e sans impacter leur vie professionnel. Il s&rsquo;agit de partir sur une longue dur\u00e9e et en basse saison afin de prendre le temps de d\u00e9couvrir une culture, loin du tourisme de masse et rencontrer les locaux.[\/vc_column_text][\/vc_column][vc_column width=\u00a0\u00bb1\/3&Prime;][vc_single_image image=\u00a0\u00bb19365&Prime; img_size=\u00a0\u00bbmedium\u00a0\u00bb qode_css_animation=\u00a0\u00bb\u00a0\u00bb][vc_column_text]<\/p>\n<div class=\"wpb_text_column wpb_content_element \">\n<div class=\"wpb_wrapper\">\n<h2 style=\"text-align: left\"><a href=\"https:\/\/www.slow-tourisme-lab.fr\/fr\/confluent\/\" target=\"_blank\" rel=\"noopener noreferrer\">Confluent Immersion<\/a><\/h2>\n<p>&nbsp;<\/p>\n<p>Confluent invite un public \u00e9tranger \u00e0 venir en France pour apprendre la\u00a0langue\u00a0et la\u00a0culture fran\u00e7aise\u00a0en allant \u00e0 la\u00a0rencontre des locaux\u00a0pour d\u00e9couvrir leur quotidien et partager des moments uniques avec eux. Des\u00a0cours intensifs\u00a0de fran\u00e7ais et des\u00a0ateliers culturels\u00a0permettront aux participants de\u00a0s\u2019int\u00e9grer \u00e0 la communaut\u00e9 d\u2019accueil pendant plusieurs mois.<\/p>\n<\/div>\n<\/div>\n<div class=\"vc_empty_space\"><\/div>\n<p>[\/vc_column_text][\/vc_column][\/vc_row]<\/p>\n<\/div>","protected":false},"excerpt":{"rendered":"<p>[vc_row css_animation=\u00a0\u00bb\u00a0\u00bb row_type=\u00a0\u00bbrow\u00a0\u00bb use_row_as_full_screen_section=\u00a0\u00bbno\u00a0\u00bb type=\u00a0\u00bbfull_width\u00a0\u00bb angled_section=\u00a0\u00bbno\u00a0\u00bb text_align=\u00a0\u00bbleft\u00a0\u00bb background_image_as_pattern=\u00a0\u00bbwithout_pattern\u00a0\u00bb][vc_column][vc_empty_space][\/vc_column][\/vc_row][vc_row css_animation=\u00a0\u00bb\u00a0\u00bb row_type=\u00a0\u00bbrow\u00a0\u00bb use_row_as_full_screen_section=\u00a0\u00bbno\u00a0\u00bb type=\u00a0\u00bbfull_width\u00a0\u00bb angled_section=\u00a0\u00bbno\u00a0\u00bb text_align=\u00a0\u00bbleft\u00a0\u00bb background_image_as_pattern=\u00a0\u00bbwithout_pattern\u00a0\u00bb][vc_column width=\u00a0\u00bb1\/3&Prime;][\/vc_column][vc_column width=\u00a0\u00bb1\/3&Prime;][vc_single_image image=\u00a0\u00bb19729&Prime; img_size=\u00a0\u00bbmedium\u00a0\u00bb alignment=\u00a0\u00bbcenter\u00a0\u00bb onclick=\u00a0\u00bbcustom_link\u00a0\u00bb img_link_target=\u00a0\u00bb_blank\u00a0\u00bb qode_css_animation=\u00a0\u00bb\u00a0\u00bb][vc_empty_space][vc_column_text] Le Ch\u00e2teau de G\u00e9raudot &nbsp; Le Ch\u00e2teau de G\u00e9raudot et de son parc arbor\u00e9 a \u00e9t\u00e9 retenu dans le cadre de la&#8230;<\/p>\n","protected":false},"author":108,"featured_media":0,"parent":0,"menu_order":0,"comment_status":"closed","ping_status":"closed","template":"","meta":{"footnotes":""},"class_list":["post-18553","page","type-page","status-publish","hentry"],"yoast_head":"<!-- This site is optimized with the Yoast SEO plugin v26.6 - https:\/\/yoast.com\/wordpress\/plugins\/seo\/ -->\n<title>S\u00e9jours Immersifs et Bien \u00eatre - Slow Tourisme Lab<\/title>\n<meta name=\"robots\" content=\"index, follow, max-snippet:-1, max-image-preview:large, max-video-preview:-1\" \/>\n<link rel=\"canonical\" href=\"https:\/\/www.slow-tourisme-lab.fr\/fr\/sejours-immersifs\/\" \/>\n<meta property=\"og:locale\" content=\"fr_FR\" \/>\n<meta property=\"og:type\" content=\"article\" \/>\n<meta property=\"og:title\" content=\"S\u00e9jours Immersifs et Bien \u00eatre - Slow Tourisme Lab\" \/>\n<meta property=\"og:description\" content=\"[vc_row css_animation=\u00a0\u00bb\u00a0\u00bb row_type=\u00a0\u00bbrow\u00a0\u00bb use_row_as_full_screen_section=\u00a0\u00bbno\u00a0\u00bb type=\u00a0\u00bbfull_width\u00a0\u00bb angled_section=\u00a0\u00bbno\u00a0\u00bb text_align=\u00a0\u00bbleft\u00a0\u00bb background_image_as_pattern=\u00a0\u00bbwithout_pattern\u00a0\u00bb][vc_column][vc_empty_space][\/vc_column][\/vc_row][vc_row css_animation=\u00a0\u00bb\u00a0\u00bb row_type=\u00a0\u00bbrow\u00a0\u00bb use_row_as_full_screen_section=\u00a0\u00bbno\u00a0\u00bb type=\u00a0\u00bbfull_width\u00a0\u00bb angled_section=\u00a0\u00bbno\u00a0\u00bb text_align=\u00a0\u00bbleft\u00a0\u00bb background_image_as_pattern=\u00a0\u00bbwithout_pattern\u00a0\u00bb][vc_column width=\u00a0\u00bb1\/3&Prime;][\/vc_column][vc_column width=\u00a0\u00bb1\/3&Prime;][vc_single_image image=\u00a0\u00bb19729&Prime; img_size=\u00a0\u00bbmedium\u00a0\u00bb alignment=\u00a0\u00bbcenter\u00a0\u00bb onclick=\u00a0\u00bbcustom_link\u00a0\u00bb img_link_target=\u00a0\u00bb_blank\u00a0\u00bb qode_css_animation=\u00a0\u00bb\u00a0\u00bb][vc_empty_space][vc_column_text] Le Ch\u00e2teau de G\u00e9raudot &nbsp; Le Ch\u00e2teau de G\u00e9raudot et de son parc arbor\u00e9 a \u00e9t\u00e9 retenu dans le cadre de la...\" \/>\n<meta property=\"og:url\" content=\"https:\/\/www.slow-tourisme-lab.fr\/fr\/sejours-immersifs\/\" \/>\n<meta property=\"og:site_name\" content=\"Slow Tourisme Lab\" \/>\n<meta property=\"article:modified_time\" content=\"2022-03-18T15:20:42+00:00\" \/>\n<meta name=\"twitter:card\" content=\"summary_large_image\" \/>\n<meta name=\"twitter:label1\" content=\"Dur\u00e9e de lecture estim\u00e9e\" \/>\n\t<meta name=\"twitter:data1\" content=\"5 minutes\" \/>\n<script type=\"application\/ld+json\" class=\"yoast-schema-graph\">{\"@context\":\"https:\/\/schema.org\",\"@graph\":[{\"@type\":\"WebPage\",\"@id\":\"https:\/\/www.slow-tourisme-lab.fr\/fr\/sejours-immersifs\/\",\"url\":\"https:\/\/www.slow-tourisme-lab.fr\/fr\/sejours-immersifs\/\",\"name\":\"S\u00e9jours Immersifs et Bien \u00eatre - Slow Tourisme Lab\",\"isPartOf\":{\"@id\":\"https:\/\/www.slow-tourisme-lab.fr\/fr\/#website\"},\"datePublished\":\"2021-04-02T12:51:56+00:00\",\"dateModified\":\"2022-03-18T15:20:42+00:00\",\"breadcrumb\":{\"@id\":\"https:\/\/www.slow-tourisme-lab.fr\/fr\/sejours-immersifs\/#breadcrumb\"},\"inLanguage\":\"fr-FR\",\"potentialAction\":[{\"@type\":\"ReadAction\",\"target\":[\"https:\/\/www.slow-tourisme-lab.fr\/fr\/sejours-immersifs\/\"]}]},{\"@type\":\"BreadcrumbList\",\"@id\":\"https:\/\/www.slow-tourisme-lab.fr\/fr\/sejours-immersifs\/#breadcrumb\",\"itemListElement\":[{\"@type\":\"ListItem\",\"position\":1,\"name\":\"Accueil\",\"item\":\"https:\/\/www.slow-tourisme-lab.fr\/fr\/\"},{\"@type\":\"ListItem\",\"position\":2,\"name\":\"S\u00e9jours Immersifs et Bien \u00eatre\"}]},{\"@type\":\"WebSite\",\"@id\":\"https:\/\/www.slow-tourisme-lab.fr\/fr\/#website\",\"url\":\"https:\/\/www.slow-tourisme-lab.fr\/fr\/\",\"name\":\"Slow Tourisme Lab\",\"description\":\"Un accompagnement pour l'innovation touristique durable\",\"potentialAction\":[{\"@type\":\"SearchAction\",\"target\":{\"@type\":\"EntryPoint\",\"urlTemplate\":\"https:\/\/www.slow-tourisme-lab.fr\/fr\/?s={search_term_string}\"},\"query-input\":{\"@type\":\"PropertyValueSpecification\",\"valueRequired\":true,\"valueName\":\"search_term_string\"}}],\"inLanguage\":\"fr-FR\"}]}<\/script>\n<!-- \/ Yoast SEO plugin. -->","yoast_head_json":{"title":"S\u00e9jours Immersifs et Bien \u00eatre - Slow Tourisme Lab","robots":{"index":"index","follow":"follow","max-snippet":"max-snippet:-1","max-image-preview":"max-image-preview:large","max-video-preview":"max-video-preview:-1"},"canonical":"https:\/\/www.slow-tourisme-lab.fr\/fr\/sejours-immersifs\/","og_locale":"fr_FR","og_type":"article","og_title":"S\u00e9jours Immersifs et Bien \u00eatre - Slow Tourisme Lab","og_description":"[vc_row css_animation=\u00a0\u00bb\u00a0\u00bb row_type=\u00a0\u00bbrow\u00a0\u00bb use_row_as_full_screen_section=\u00a0\u00bbno\u00a0\u00bb type=\u00a0\u00bbfull_width\u00a0\u00bb angled_section=\u00a0\u00bbno\u00a0\u00bb text_align=\u00a0\u00bbleft\u00a0\u00bb background_image_as_pattern=\u00a0\u00bbwithout_pattern\u00a0\u00bb][vc_column][vc_empty_space][\/vc_column][\/vc_row][vc_row css_animation=\u00a0\u00bb\u00a0\u00bb row_type=\u00a0\u00bbrow\u00a0\u00bb use_row_as_full_screen_section=\u00a0\u00bbno\u00a0\u00bb type=\u00a0\u00bbfull_width\u00a0\u00bb angled_section=\u00a0\u00bbno\u00a0\u00bb text_align=\u00a0\u00bbleft\u00a0\u00bb background_image_as_pattern=\u00a0\u00bbwithout_pattern\u00a0\u00bb][vc_column width=\u00a0\u00bb1\/3&Prime;][\/vc_column][vc_column width=\u00a0\u00bb1\/3&Prime;][vc_single_image image=\u00a0\u00bb19729&Prime; img_size=\u00a0\u00bbmedium\u00a0\u00bb alignment=\u00a0\u00bbcenter\u00a0\u00bb onclick=\u00a0\u00bbcustom_link\u00a0\u00bb img_link_target=\u00a0\u00bb_blank\u00a0\u00bb qode_css_animation=\u00a0\u00bb\u00a0\u00bb][vc_empty_space][vc_column_text] Le Ch\u00e2teau de G\u00e9raudot &nbsp; Le Ch\u00e2teau de G\u00e9raudot et de son parc arbor\u00e9 a \u00e9t\u00e9 retenu dans le cadre de la...","og_url":"https:\/\/www.slow-tourisme-lab.fr\/fr\/sejours-immersifs\/","og_site_name":"Slow Tourisme Lab","article_modified_time":"2022-03-18T15:20:42+00:00","twitter_card":"summary_large_image","twitter_misc":{"Dur\u00e9e de lecture estim\u00e9e":"5 minutes"},"schema":{"@context":"https:\/\/schema.org","@graph":[{"@type":"WebPage","@id":"https:\/\/www.slow-tourisme-lab.fr\/fr\/sejours-immersifs\/","url":"https:\/\/www.slow-tourisme-lab.fr\/fr\/sejours-immersifs\/","name":"S\u00e9jours Immersifs et Bien \u00eatre - Slow Tourisme Lab","isPartOf":{"@id":"https:\/\/www.slow-tourisme-lab.fr\/fr\/#website"},"datePublished":"2021-04-02T12:51:56+00:00","dateModified":"2022-03-18T15:20:42+00:00","breadcrumb":{"@id":"https:\/\/www.slow-tourisme-lab.fr\/fr\/sejours-immersifs\/#breadcrumb"},"inLanguage":"fr-FR","potentialAction":[{"@type":"ReadAction","target":["https:\/\/www.slow-tourisme-lab.fr\/fr\/sejours-immersifs\/"]}]},{"@type":"BreadcrumbList","@id":"https:\/\/www.slow-tourisme-lab.fr\/fr\/sejours-immersifs\/#breadcrumb","itemListElement":[{"@type":"ListItem","position":1,"name":"Accueil","item":"https:\/\/www.slow-tourisme-lab.fr\/fr\/"},{"@type":"ListItem","position":2,"name":"S\u00e9jours Immersifs et Bien \u00eatre"}]},{"@type":"WebSite","@id":"https:\/\/www.slow-tourisme-lab.fr\/fr\/#website","url":"https:\/\/www.slow-tourisme-lab.fr\/fr\/","name":"Slow Tourisme Lab","description":"Un accompagnement pour l'innovation touristique durable","potentialAction":[{"@type":"SearchAction","target":{"@type":"EntryPoint","urlTemplate":"https:\/\/www.slow-tourisme-lab.fr\/fr\/?s={search_term_string}"},"query-input":{"@type":"PropertyValueSpecification","valueRequired":true,"valueName":"search_term_string"}}],"inLanguage":"fr-FR"}]}},"_links":{"self":[{"href":"https:\/\/www.slow-tourisme-lab.fr\/fr\/wp-json\/wp\/v2\/pages\/18553\/"}],"collection":[{"href":"https:\/\/www.slow-tourisme-lab.fr\/fr\/wp-json\/wp\/v2\/pages\/"}],"about":[{"href":"https:\/\/www.slow-tourisme-lab.fr\/fr\/wp-json\/wp\/v2\/types\/page\/"}],"author":[{"embeddable":true,"href":"https:\/\/www.slow-tourisme-lab.fr\/fr\/wp-json\/wp\/v2\/users\/108\/"}],"replies":[{"embeddable":true,"href":"https:\/\/www.slow-tourisme-lab.fr\/fr\/wp-json\/wp\/v2\/comments\/?post=18553"}],"version-history":[{"count":6,"href":"https:\/\/www.slow-tourisme-lab.fr\/fr\/wp-json\/wp\/v2\/pages\/18553\/revisions\/"}],"predecessor-version":[{"id":19746,"href":"https:\/\/www.slow-tourisme-lab.fr\/fr\/wp-json\/wp\/v2\/pages\/18553\/revisions\/19746\/"}],"wp:attachment":[{"href":"https:\/\/www.slow-tourisme-lab.fr\/fr\/wp-json\/wp\/v2\/media\/?parent=18553"}],"curies":[{"name":"wp","href":"https:\/\/api.w.org\/{rel}","templated":true}]}}