{"id":16504,"date":"2022-03-07T10:13:40","date_gmt":"2022-03-07T09:13:40","guid":{"rendered":"https:\/\/slowtourismelab-www.v3.mobylee.com\/?page_id=16504"},"modified":"2025-05-02T17:12:59","modified_gmt":"2025-05-02T15:12:59","slug":"phototheque-et-videotheque","status":"publish","type":"page","link":"https:\/\/www.slow-tourisme-lab.fr\/fr\/phototheque-et-videotheque\/","title":{"rendered":"Phototh\u00e8que et vid\u00e9oth\u00e8que"},"content":{"rendered":"<div class=\"wpb-content-wrapper\"><p>[vc_row css_animation=\u00a0\u00bb\u00a0\u00bb row_type=\u00a0\u00bbrow\u00a0\u00bb use_row_as_full_screen_section=\u00a0\u00bbno\u00a0\u00bb type=\u00a0\u00bbfull_width\u00a0\u00bb angled_section=\u00a0\u00bbno\u00a0\u00bb text_align=\u00a0\u00bbleft\u00a0\u00bb background_image_as_pattern=\u00a0\u00bbwithout_pattern\u00a0\u00bb][vc_column][vc_column_text]<\/p>\n<h2><strong>Photos<\/strong><\/h2>\n<p>[\/vc_column_text][vc_empty_space height=\u00a0\u00bb60px\u00a0\u00bb][vc_column_text][\/vc_column_text][rev_slider_vc alias=\u00a0\u00bbphototheque\u00a0\u00bb][vc_separator type=\u00a0\u00bbnormal\u00a0\u00bb][vc_column_text css=\u00a0\u00bb\u00a0\u00bb]<\/p>\n<h1 style=\"text-align: center\"><a href=\"https:\/\/www.slow-tourisme-lab.fr\/fr\/nous-sommes\/contact\/\" target=\"_blank\" rel=\"noopener\">Formulez nous votre besoin en photos<\/a><\/h1>\n<p style=\"text-align: center\"><a href=\"https:\/\/photos.aube-champagne.com\/\" target=\"_blank\" rel=\"noopener\">ou acc\u00e9der \u00e0 la phototh\u00e8que si vous avez d\u00e9j\u00e0 un acc\u00e8s<\/a><\/p>\n<p>[\/vc_column_text][\/vc_column][\/vc_row][vc_row css_animation=\u00a0\u00bb\u00a0\u00bb row_type=\u00a0\u00bbrow\u00a0\u00bb use_row_as_full_screen_section=\u00a0\u00bbno\u00a0\u00bb type=\u00a0\u00bbfull_width\u00a0\u00bb angled_section=\u00a0\u00bbno\u00a0\u00bb text_align=\u00a0\u00bbleft\u00a0\u00bb background_image_as_pattern=\u00a0\u00bbwithout_pattern\u00a0\u00bb][vc_column][vc_empty_space height=\u00a0\u00bb60px\u00a0\u00bb][vc_separator type=\u00a0\u00bbnormal\u00a0\u00bb][vc_empty_space height=\u00a0\u00bb60px\u00a0\u00bb][vc_column_text]<\/p>\n<h2><strong>Vid\u00e9os<\/strong><\/h2>\n<p>[\/vc_column_text][vc_empty_space height=\u00a0\u00bb60px\u00a0\u00bb][\/vc_column][\/vc_row][vc_row css_animation=\u00a0\u00bb\u00a0\u00bb row_type=\u00a0\u00bbrow\u00a0\u00bb use_row_as_full_screen_section=\u00a0\u00bbno\u00a0\u00bb type=\u00a0\u00bbfull_width\u00a0\u00bb angled_section=\u00a0\u00bbno\u00a0\u00bb text_align=\u00a0\u00bbleft\u00a0\u00bb background_image_as_pattern=\u00a0\u00bbwithout_pattern\u00a0\u00bb][vc_column][vc_video link=\u00a0\u00bbhttps:\/\/www.youtube.com\/watch?v=Ck9YaivPukc&amp;ab_channel=AubeenChampagne\u00a0\u00bb align=\u00a0\u00bbcenter\u00a0\u00bb][vc_column_text]<\/p>\n<p class=\"title style-scope ytd-video-primary-info-renderer\" style=\"text-align: center\">Le Slow Tourisme dans l&rsquo;Aube<\/p>\n<p>[\/vc_column_text][\/vc_column][\/vc_row][vc_row css_animation=\u00a0\u00bb\u00a0\u00bb row_type=\u00a0\u00bbrow\u00a0\u00bb use_row_as_full_screen_section=\u00a0\u00bbno\u00a0\u00bb type=\u00a0\u00bbfull_width\u00a0\u00bb angled_section=\u00a0\u00bbno\u00a0\u00bb text_align=\u00a0\u00bbleft\u00a0\u00bb background_image_as_pattern=\u00a0\u00bbwithout_pattern\u00a0\u00bb][vc_column][vc_video link=\u00a0\u00bbhttps:\/\/www.youtube.com\/watch?v=yIR9ZvUo64E\u00a0\u00bb align=\u00a0\u00bbright\u00a0\u00bb][vc_column_text]<\/p>\n<p class=\"title style-scope ytd-video-primary-info-renderer\" style=\"text-align: center\">D\u00e9veloppement durable : le d\u00e9partement de l&rsquo;Aube d\u00e9veloppe<br \/>\nle \u00ab\u00a0Slow Tourisme Lab\u00a0\u00bb<\/p>\n<p>[\/vc_column_text][\/vc_column][\/vc_row][vc_row css_animation=\u00a0\u00bb\u00a0\u00bb row_type=\u00a0\u00bbrow\u00a0\u00bb use_row_as_full_screen_section=\u00a0\u00bbno\u00a0\u00bb type=\u00a0\u00bbfull_width\u00a0\u00bb angled_section=\u00a0\u00bbno\u00a0\u00bb text_align=\u00a0\u00bbleft\u00a0\u00bb background_image_as_pattern=\u00a0\u00bbwithout_pattern\u00a0\u00bb][vc_column width=\u00a0\u00bb1\/3&Prime;][vc_video link=\u00a0\u00bbhttps:\/\/www.youtube.com\/watch?v=Fu8NZec7Rfk&amp;t\u00a0\u00bb align=\u00a0\u00bbright\u00a0\u00bb][vc_column_text]<\/p>\n<p class=\"title style-scope ytd-video-primary-info-renderer\" style=\"text-align: center\">L&rsquo;affichage environnemental de<br \/>\nl&rsquo;Aube en Champagne<\/p>\n<p>[\/vc_column_text][\/vc_column][vc_column width=\u00a0\u00bb1\/3&Prime;][vc_video link=\u00a0\u00bbhttps:\/\/www.youtube.com\/watch?v=7oj9fz2BhxE\u00a0\u00bb align=\u00a0\u00bbcenter\u00a0\u00bb][vc_column_text]<\/p>\n<p class=\"title style-scope ytd-video-primary-info-renderer\" style=\"text-align: center\">La visite virtuelle du<br \/>\nCentre de Congr\u00e8s de l&rsquo;Aube<\/p>\n<p>[\/vc_column_text][\/vc_column][vc_column width=\u00a0\u00bb1\/3&Prime;][vc_video link=\u00a0\u00bbhttps:\/\/www.youtube.com\/watch?v=CJftoRFvlOg\u00a0\u00bb align=\u00a0\u00bbcenter\u00a0\u00bb][vc_column_text]<\/p>\n<p style=\"text-align: center\">Le r\u00e9seau France Tourisme Lab<\/p>\n<p>[\/vc_column_text][\/vc_column][\/vc_row]<\/p>\n<\/div>","protected":false},"excerpt":{"rendered":"<p>[vc_row css_animation=\u00a0\u00bb\u00a0\u00bb row_type=\u00a0\u00bbrow\u00a0\u00bb use_row_as_full_screen_section=\u00a0\u00bbno\u00a0\u00bb type=\u00a0\u00bbfull_width\u00a0\u00bb angled_section=\u00a0\u00bbno\u00a0\u00bb text_align=\u00a0\u00bbleft\u00a0\u00bb background_image_as_pattern=\u00a0\u00bbwithout_pattern\u00a0\u00bb][vc_column][vc_column_text] Photos [\/vc_column_text][vc_empty_space height=\u00a0\u00bb60px\u00a0\u00bb][vc_column_text][\/vc_column_text][rev_slider_vc alias=\u00a0\u00bbphototheque\u00a0\u00bb][vc_separator type=\u00a0\u00bbnormal\u00a0\u00bb][vc_column_text css=\u00a0\u00bb\u00a0\u00bb] Formulez nous votre besoin en photos ou acc\u00e9der \u00e0 la phototh\u00e8que si vous avez d\u00e9j\u00e0 un acc\u00e8s [\/vc_column_text][\/vc_column][\/vc_row][vc_row css_animation=\u00a0\u00bb\u00a0\u00bb row_type=\u00a0\u00bbrow\u00a0\u00bb use_row_as_full_screen_section=\u00a0\u00bbno\u00a0\u00bb type=\u00a0\u00bbfull_width\u00a0\u00bb angled_section=\u00a0\u00bbno\u00a0\u00bb text_align=\u00a0\u00bbleft\u00a0\u00bb background_image_as_pattern=\u00a0\u00bbwithout_pattern\u00a0\u00bb][vc_column][vc_empty_space height=\u00a0\u00bb60px\u00a0\u00bb][vc_separator type=\u00a0\u00bbnormal\u00a0\u00bb][vc_empty_space height=\u00a0\u00bb60px\u00a0\u00bb][vc_column_text] Vid\u00e9os [\/vc_column_text][vc_empty_space height=\u00a0\u00bb60px\u00a0\u00bb][\/vc_column][\/vc_row][vc_row&#8230;<\/p>\n","protected":false},"author":16,"featured_media":0,"parent":0,"menu_order":0,"comment_status":"closed","ping_status":"closed","template":"","meta":{"footnotes":""},"class_list":["post-16504","page","type-page","status-publish","hentry"],"yoast_head":"<!-- This site is optimized with the Yoast SEO plugin v26.6 - https:\/\/yoast.com\/wordpress\/plugins\/seo\/ -->\n<title>Phototh\u00e8que et vid\u00e9oth\u00e8que - Slow Tourisme Lab<\/title>\n<meta name=\"robots\" content=\"index, follow, max-snippet:-1, max-image-preview:large, max-video-preview:-1\" \/>\n<link rel=\"canonical\" href=\"https:\/\/www.slow-tourisme-lab.fr\/fr\/phototheque-et-videotheque\/\" \/>\n<meta property=\"og:locale\" content=\"fr_FR\" \/>\n<meta property=\"og:type\" content=\"article\" \/>\n<meta property=\"og:title\" content=\"Phototh\u00e8que et vid\u00e9oth\u00e8que - Slow Tourisme Lab\" \/>\n<meta property=\"og:description\" content=\"[vc_row css_animation=\u00a0\u00bb\u00a0\u00bb row_type=\u00a0\u00bbrow\u00a0\u00bb use_row_as_full_screen_section=\u00a0\u00bbno\u00a0\u00bb type=\u00a0\u00bbfull_width\u00a0\u00bb angled_section=\u00a0\u00bbno\u00a0\u00bb text_align=\u00a0\u00bbleft\u00a0\u00bb background_image_as_pattern=\u00a0\u00bbwithout_pattern\u00a0\u00bb][vc_column][vc_column_text] Photos [\/vc_column_text][vc_empty_space height=\u00a0\u00bb60px\u00a0\u00bb][vc_column_text][\/vc_column_text][rev_slider_vc alias=\u00a0\u00bbphototheque\u00a0\u00bb][vc_separator type=\u00a0\u00bbnormal\u00a0\u00bb][vc_column_text css=\u00a0\u00bb\u00a0\u00bb] Formulez nous votre besoin en photos ou acc\u00e9der \u00e0 la phototh\u00e8que si vous avez d\u00e9j\u00e0 un acc\u00e8s [\/vc_column_text][\/vc_column][\/vc_row][vc_row css_animation=\u00a0\u00bb\u00a0\u00bb row_type=\u00a0\u00bbrow\u00a0\u00bb use_row_as_full_screen_section=\u00a0\u00bbno\u00a0\u00bb type=\u00a0\u00bbfull_width\u00a0\u00bb angled_section=\u00a0\u00bbno\u00a0\u00bb text_align=\u00a0\u00bbleft\u00a0\u00bb background_image_as_pattern=\u00a0\u00bbwithout_pattern\u00a0\u00bb][vc_column][vc_empty_space height=\u00a0\u00bb60px\u00a0\u00bb][vc_separator type=\u00a0\u00bbnormal\u00a0\u00bb][vc_empty_space height=\u00a0\u00bb60px\u00a0\u00bb][vc_column_text] Vid\u00e9os [\/vc_column_text][vc_empty_space height=\u00a0\u00bb60px\u00a0\u00bb][\/vc_column][\/vc_row][vc_row...\" \/>\n<meta property=\"og:url\" content=\"https:\/\/www.slow-tourisme-lab.fr\/fr\/phototheque-et-videotheque\/\" \/>\n<meta property=\"og:site_name\" content=\"Slow Tourisme Lab\" \/>\n<meta property=\"article:modified_time\" content=\"2025-05-02T15:12:59+00:00\" \/>\n<meta name=\"twitter:card\" content=\"summary_large_image\" \/>\n<meta name=\"twitter:label1\" content=\"Dur\u00e9e de lecture estim\u00e9e\" \/>\n\t<meta name=\"twitter:data1\" content=\"1 minute\" \/>\n<script type=\"application\/ld+json\" class=\"yoast-schema-graph\">{\"@context\":\"https:\/\/schema.org\",\"@graph\":[{\"@type\":\"WebPage\",\"@id\":\"https:\/\/www.slow-tourisme-lab.fr\/fr\/phototheque-et-videotheque\/\",\"url\":\"https:\/\/www.slow-tourisme-lab.fr\/fr\/phototheque-et-videotheque\/\",\"name\":\"Phototh\u00e8que et vid\u00e9oth\u00e8que - Slow Tourisme Lab\",\"isPartOf\":{\"@id\":\"https:\/\/www.slow-tourisme-lab.fr\/fr\/#website\"},\"datePublished\":\"2022-03-07T09:13:40+00:00\",\"dateModified\":\"2025-05-02T15:12:59+00:00\",\"breadcrumb\":{\"@id\":\"https:\/\/www.slow-tourisme-lab.fr\/fr\/phototheque-et-videotheque\/#breadcrumb\"},\"inLanguage\":\"fr-FR\",\"potentialAction\":[{\"@type\":\"ReadAction\",\"target\":[\"https:\/\/www.slow-tourisme-lab.fr\/fr\/phototheque-et-videotheque\/\"]}]},{\"@type\":\"BreadcrumbList\",\"@id\":\"https:\/\/www.slow-tourisme-lab.fr\/fr\/phototheque-et-videotheque\/#breadcrumb\",\"itemListElement\":[{\"@type\":\"ListItem\",\"position\":1,\"name\":\"Accueil\",\"item\":\"https:\/\/www.slow-tourisme-lab.fr\/fr\/\"},{\"@type\":\"ListItem\",\"position\":2,\"name\":\"Phototh\u00e8que et vid\u00e9oth\u00e8que\"}]},{\"@type\":\"WebSite\",\"@id\":\"https:\/\/www.slow-tourisme-lab.fr\/fr\/#website\",\"url\":\"https:\/\/www.slow-tourisme-lab.fr\/fr\/\",\"name\":\"Slow Tourisme Lab\",\"description\":\"Un accompagnement pour l'innovation touristique durable\",\"potentialAction\":[{\"@type\":\"SearchAction\",\"target\":{\"@type\":\"EntryPoint\",\"urlTemplate\":\"https:\/\/www.slow-tourisme-lab.fr\/fr\/?s={search_term_string}\"},\"query-input\":{\"@type\":\"PropertyValueSpecification\",\"valueRequired\":true,\"valueName\":\"search_term_string\"}}],\"inLanguage\":\"fr-FR\"}]}<\/script>\n<!-- \/ Yoast SEO plugin. -->","yoast_head_json":{"title":"Phototh\u00e8que et vid\u00e9oth\u00e8que - Slow Tourisme Lab","robots":{"index":"index","follow":"follow","max-snippet":"max-snippet:-1","max-image-preview":"max-image-preview:large","max-video-preview":"max-video-preview:-1"},"canonical":"https:\/\/www.slow-tourisme-lab.fr\/fr\/phototheque-et-videotheque\/","og_locale":"fr_FR","og_type":"article","og_title":"Phototh\u00e8que et vid\u00e9oth\u00e8que - Slow Tourisme Lab","og_description":"[vc_row css_animation=\u00a0\u00bb\u00a0\u00bb row_type=\u00a0\u00bbrow\u00a0\u00bb use_row_as_full_screen_section=\u00a0\u00bbno\u00a0\u00bb type=\u00a0\u00bbfull_width\u00a0\u00bb angled_section=\u00a0\u00bbno\u00a0\u00bb text_align=\u00a0\u00bbleft\u00a0\u00bb background_image_as_pattern=\u00a0\u00bbwithout_pattern\u00a0\u00bb][vc_column][vc_column_text] Photos [\/vc_column_text][vc_empty_space height=\u00a0\u00bb60px\u00a0\u00bb][vc_column_text][\/vc_column_text][rev_slider_vc alias=\u00a0\u00bbphototheque\u00a0\u00bb][vc_separator type=\u00a0\u00bbnormal\u00a0\u00bb][vc_column_text css=\u00a0\u00bb\u00a0\u00bb] Formulez nous votre besoin en photos ou acc\u00e9der \u00e0 la phototh\u00e8que si vous avez d\u00e9j\u00e0 un acc\u00e8s [\/vc_column_text][\/vc_column][\/vc_row][vc_row css_animation=\u00a0\u00bb\u00a0\u00bb row_type=\u00a0\u00bbrow\u00a0\u00bb use_row_as_full_screen_section=\u00a0\u00bbno\u00a0\u00bb type=\u00a0\u00bbfull_width\u00a0\u00bb angled_section=\u00a0\u00bbno\u00a0\u00bb text_align=\u00a0\u00bbleft\u00a0\u00bb background_image_as_pattern=\u00a0\u00bbwithout_pattern\u00a0\u00bb][vc_column][vc_empty_space height=\u00a0\u00bb60px\u00a0\u00bb][vc_separator type=\u00a0\u00bbnormal\u00a0\u00bb][vc_empty_space height=\u00a0\u00bb60px\u00a0\u00bb][vc_column_text] Vid\u00e9os [\/vc_column_text][vc_empty_space height=\u00a0\u00bb60px\u00a0\u00bb][\/vc_column][\/vc_row][vc_row...","og_url":"https:\/\/www.slow-tourisme-lab.fr\/fr\/phototheque-et-videotheque\/","og_site_name":"Slow Tourisme Lab","article_modified_time":"2025-05-02T15:12:59+00:00","twitter_card":"summary_large_image","twitter_misc":{"Dur\u00e9e de lecture estim\u00e9e":"1 minute"},"schema":{"@context":"https:\/\/schema.org","@graph":[{"@type":"WebPage","@id":"https:\/\/www.slow-tourisme-lab.fr\/fr\/phototheque-et-videotheque\/","url":"https:\/\/www.slow-tourisme-lab.fr\/fr\/phototheque-et-videotheque\/","name":"Phototh\u00e8que et vid\u00e9oth\u00e8que - Slow Tourisme Lab","isPartOf":{"@id":"https:\/\/www.slow-tourisme-lab.fr\/fr\/#website"},"datePublished":"2022-03-07T09:13:40+00:00","dateModified":"2025-05-02T15:12:59+00:00","breadcrumb":{"@id":"https:\/\/www.slow-tourisme-lab.fr\/fr\/phototheque-et-videotheque\/#breadcrumb"},"inLanguage":"fr-FR","potentialAction":[{"@type":"ReadAction","target":["https:\/\/www.slow-tourisme-lab.fr\/fr\/phototheque-et-videotheque\/"]}]},{"@type":"BreadcrumbList","@id":"https:\/\/www.slow-tourisme-lab.fr\/fr\/phototheque-et-videotheque\/#breadcrumb","itemListElement":[{"@type":"ListItem","position":1,"name":"Accueil","item":"https:\/\/www.slow-tourisme-lab.fr\/fr\/"},{"@type":"ListItem","position":2,"name":"Phototh\u00e8que et vid\u00e9oth\u00e8que"}]},{"@type":"WebSite","@id":"https:\/\/www.slow-tourisme-lab.fr\/fr\/#website","url":"https:\/\/www.slow-tourisme-lab.fr\/fr\/","name":"Slow Tourisme Lab","description":"Un accompagnement pour l'innovation touristique durable","potentialAction":[{"@type":"SearchAction","target":{"@type":"EntryPoint","urlTemplate":"https:\/\/www.slow-tourisme-lab.fr\/fr\/?s={search_term_string}"},"query-input":{"@type":"PropertyValueSpecification","valueRequired":true,"valueName":"search_term_string"}}],"inLanguage":"fr-FR"}]}},"_links":{"self":[{"href":"https:\/\/www.slow-tourisme-lab.fr\/fr\/wp-json\/wp\/v2\/pages\/16504\/"}],"collection":[{"href":"https:\/\/www.slow-tourisme-lab.fr\/fr\/wp-json\/wp\/v2\/pages\/"}],"about":[{"href":"https:\/\/www.slow-tourisme-lab.fr\/fr\/wp-json\/wp\/v2\/types\/page\/"}],"author":[{"embeddable":true,"href":"https:\/\/www.slow-tourisme-lab.fr\/fr\/wp-json\/wp\/v2\/users\/16\/"}],"replies":[{"embeddable":true,"href":"https:\/\/www.slow-tourisme-lab.fr\/fr\/wp-json\/wp\/v2\/comments\/?post=16504"}],"version-history":[{"count":5,"href":"https:\/\/www.slow-tourisme-lab.fr\/fr\/wp-json\/wp\/v2\/pages\/16504\/revisions\/"}],"predecessor-version":[{"id":20841,"href":"https:\/\/www.slow-tourisme-lab.fr\/fr\/wp-json\/wp\/v2\/pages\/16504\/revisions\/20841\/"}],"wp:attachment":[{"href":"https:\/\/www.slow-tourisme-lab.fr\/fr\/wp-json\/wp\/v2\/media\/?parent=16504"}],"curies":[{"name":"wp","href":"https:\/\/api.w.org\/{rel}","templated":true}]}}