{"id":16068,"date":"2019-02-25T16:23:30","date_gmt":"2019-02-25T15:23:30","guid":{"rendered":"https:\/\/slowtourismelab-www.v3.mobylee.com\/?page_id=16068"},"modified":"2021-11-15T15:37:37","modified_gmt":"2021-11-15T14:37:37","slug":"le-reseau-france-tourisme-lab","status":"publish","type":"page","link":"https:\/\/www.slow-tourisme-lab.fr\/fr\/le-reseau-france-tourisme-lab\/","title":{"rendered":"Le r\u00e9seau France Tourisme Lab"},"content":{"rendered":"<div class=\"wpb-content-wrapper\"><p>[vc_row css_animation=\u00a0\u00bb\u00a0\u00bb row_type=\u00a0\u00bbrow\u00a0\u00bb use_row_as_full_screen_section=\u00a0\u00bbno\u00a0\u00bb type=\u00a0\u00bbfull_width\u00a0\u00bb angled_section=\u00a0\u00bbno\u00a0\u00bb text_align=\u00a0\u00bbleft\u00a0\u00bb background_image_as_pattern=\u00a0\u00bbwithout_pattern\u00a0\u00bb][vc_column][vc_gallery type=\u00a0\u00bbimage_grid\u00a0\u00bb images=\u00a0\u00bb16071,16073,16075,16085&Prime; img_size=\u00a0\u00bbmedium\u00a0\u00bb onclick=\u00a0\u00bb\u00a0\u00bb css_animation=\u00a0\u00bbzoomInDown\u00a0\u00bb column_number=\u00a0\u00bb4&Prime; grayscale=\u00a0\u00bbno\u00a0\u00bb images_space=\u00a0\u00bbgallery_with_space\u00a0\u00bb][vc_empty_space height=\u00a0\u00bb20px\u00a0\u00bb][\/vc_column][\/vc_row][vc_row css_animation=\u00a0\u00bb\u00a0\u00bb row_type=\u00a0\u00bbrow\u00a0\u00bb use_row_as_full_screen_section=\u00a0\u00bbno\u00a0\u00bb type=\u00a0\u00bbfull_width\u00a0\u00bb angled_section=\u00a0\u00bbno\u00a0\u00bb text_align=\u00a0\u00bbleft\u00a0\u00bb background_image_as_pattern=\u00a0\u00bbwithout_pattern\u00a0\u00bb][vc_column][vc_column_text]Le Slow Tourisme Lab est membre du<strong> r\u00e9seau national France Tourisme Lab.<\/strong><\/p>\n<p>&nbsp;<\/p>\n<p><strong>Lanc\u00e9 en 2016 par la Direction G\u00e9n\u00e9rale des Entreprises (DGE)<\/strong>\u00a0du Minist\u00e8re de l\u2019Economie et des Finances.<\/p>\n<p>&nbsp;<\/p>\n<p>Il s\u2019agit du r\u00e9seau fran\u00e7ais d\u2019incubateurs et d\u2019acc\u00e9l\u00e9rateurs d\u00e9di\u00e9s au tourisme dans lequel on trouve \u00e9galement :<\/p>\n<p>&nbsp;<\/p>\n<ul>\n<li>Le Slow Tourisme Lab \u00e0 Troyes \u2013 positionn\u00e9 sur le slow tourisme, l\u2019itin\u00e9rance douce.<\/li>\n<li><a href=\"https:\/\/welcomecitylab.parisandco.paris\/\" target=\"_blank\" rel=\"noopener noreferrer\">Welcome City Lab \u00e0 Paris, sp\u00e9cialis\u00e9 dans le tourisme urbain.<\/a><\/li>\n<li><a href=\"https:\/\/www.opentourismelab.com\/\" target=\"_blank\" rel=\"noopener noreferrer\">Open Tourisme Lab \u00e0 N\u00eemes,<\/a><\/li>\n<li><a href=\"http:\/\/www.pti-incubateur.co\/\" target=\"_blank\" rel=\"noopener noreferrer\">Provence Travel Innovation \u00e0 Marseille, positionn\u00e9 \u00a0sur la mobilit\u00e9 touristique.<\/a><\/li>\n<li><a href=\"http:\/\/angerstourismlab.univ-angers.fr\/fr\/index.html\" target=\"_blank\" rel=\"noopener noreferrer\">Le Tourisme InnovationLab \u00e0 Angers positionn\u00e9 sur la pr\u00e9-incubation et les projets \u00e9tudiants.<\/a><\/li>\n<li><a href=\"https:\/\/www.oenotourismelab.com\/\" target=\"_blank\" rel=\"noopener noreferrer\">L&rsquo;Oenotourisme Lab \u00e0 Ch\u00e2lons-en-Champagne, id\u00e9es et projet oenotouristique.<\/a><\/li>\n<li><a href=\"https:\/\/www.alpestourismelab.com\/\">Alpes Tourisme Lab, sp\u00e9cialis\u00e9 dans le tourisme alpin et montagne<\/a><\/li>\n<li><a href=\"https:\/\/www.adi-na.fr\/\" target=\"_blank\" rel=\"noopener noreferrer\">Tourisme Lab Nouvelle-Aquitaine<\/a><\/li>\n<\/ul>\n<p>[\/vc_column_text][vc_row_inner row_type=\u00a0\u00bbrow\u00a0\u00bb type=\u00a0\u00bbfull_width\u00a0\u00bb text_align=\u00a0\u00bbleft\u00a0\u00bb css_animation=\u00a0\u00bb\u00a0\u00bb][vc_column_inner width=\u00a0\u00bb1\/4&Prime;][\/vc_column_inner][vc_column_inner width=\u00a0\u00bb1\/2&Prime;][vc_empty_space height=\u00a0\u00bb20px\u00a0\u00bb][vc_gallery interval=\u00a0\u00bb3&Prime; images=\u00a0\u00bb16768,16750,16752,16760,16756,16754&Prime; img_size=\u00a0\u00bblarge\u00a0\u00bb onclick=\u00a0\u00bb\u00a0\u00bb css_animation=\u00a0\u00bbfadeIn\u00a0\u00bb direction_nav=\u00a0\u00bbyes\u00a0\u00bb control_nav=\u00a0\u00bbyes\u00a0\u00bb][vc_empty_space height=\u00a0\u00bb20px\u00a0\u00bb][\/vc_column_inner][vc_column_inner width=\u00a0\u00bb1\/4&Prime;][\/vc_column_inner][\/vc_row_inner][\/vc_column][\/vc_row][vc_row css_animation=\u00a0\u00bb\u00a0\u00bb row_type=\u00a0\u00bbrow\u00a0\u00bb use_row_as_full_screen_section=\u00a0\u00bbno\u00a0\u00bb type=\u00a0\u00bbfull_width\u00a0\u00bb angled_section=\u00a0\u00bbno\u00a0\u00bb text_align=\u00a0\u00bbleft\u00a0\u00bb background_image_as_pattern=\u00a0\u00bbwithout_pattern\u00a0\u00bb][vc_column width=\u00a0\u00bb1\/2&Prime;][vc_empty_space height=\u00a0\u00bb20px\u00a0\u00bb][vc_column_text]<\/p>\n<h3>Les valeurs et ambitions du France Tourisme Lab<\/h3>\n<p>&nbsp;<\/p>\n<p>Faire de la France une destination toujours \u00e0 la pointe des tendances, qui continue de r\u00e9pondre aux nouvelles aspirations exp\u00e9rientielles des client\u00e8les, telle est l&rsquo;ambition de la Direction g\u00e9n\u00e9rale des entreprises (DGE) qui a port\u00e9 le d\u00e9veloppement d&rsquo;un \u00e9cosyst\u00e8me, d\u00e9di\u00e9 \u00e0 l&rsquo;accompagnement des entreprises touristiques innovantes en favorisant la synergie nationale entre les acteurs.<\/p>\n<p>&nbsp;<\/p>\n<p>&nbsp;<\/p>\n<p>Par ce r\u00e9seau, l&rsquo;ambition collective est de faire na\u00eetre et r\u00e9ussir une nouvelle g\u00e9n\u00e9ration d&rsquo;entrepreneurs du tourisme qui feront la force du tourisme fran\u00e7ais de demain ![\/vc_column_text][\/vc_column][vc_column width=\u00a0\u00bb1\/2&Prime;][vc_empty_space height=\u00a0\u00bb20px\u00a0\u00bb][vc_video link=\u00a0\u00bbhttps:\/\/www.youtube.com\/watch?v=OczWSdsEgXA\u00a0\u00bb el_width=\u00a0\u00bb80&Prime; align=\u00a0\u00bbcenter\u00a0\u00bb css_animation=\u00a0\u00bbfadeIn\u00a0\u00bb][\/vc_column][\/vc_row][vc_row css_animation=\u00a0\u00bb\u00a0\u00bb row_type=\u00a0\u00bbrow\u00a0\u00bb use_row_as_full_screen_section=\u00a0\u00bbno\u00a0\u00bb type=\u00a0\u00bbfull_width\u00a0\u00bb angled_section=\u00a0\u00bbno\u00a0\u00bb text_align=\u00a0\u00bbleft\u00a0\u00bb background_image_as_pattern=\u00a0\u00bbwithout_pattern\u00a0\u00bb][vc_column][vc_separator type=\u00a0\u00bbnormal\u00a0\u00bb][vc_empty_space height=\u00a0\u00bb20px\u00a0\u00bb][vc_column_text]<\/p>\n<h3>Un programme d&rsquo;action ambitieux<\/h3>\n<p>[\/vc_column_text][vc_empty_space height=\u00a0\u00bb20px\u00a0\u00bb][vc_column_text]<\/p>\n<h3><\/h3>\n<p>Le programme d\u2019action du r\u00e9seau, pilot\u00e9 par la DGE est compos\u00e9 de 7 th\u00e9matiques :<\/p>\n<p>&nbsp;<\/p>\n<ul>\n<li>ACCOMPAGNEMENT EN ING\u00c9NIERIE<br \/>\nProposer un appui m\u00e9thodologique aux \u00e9cosyst\u00e8mes touristiques territoriaux pour favoriser le d\u00e9veloppement de nouveaux projets. Cet appui est men\u00e9 avec le concours du Welcome City Lab, avec le soutien d\u2019un r\u00e9seau d\u2019experts et de partenaires.<\/li>\n<\/ul>\n<p>&nbsp;<\/p>\n<ul>\n<li>M\u00c9THODE, ECHANGE DE BONNES PRATIQUES<br \/>\nOrganiser plusieurs rencontres et r\u00e9unions th\u00e9matiques chaque ann\u00e9e. Un espace collaboratif en ligne sera bient\u00f4t accessible aux membres pour faciliter le partage d\u2019informations et de bonnes pratiques. Enfin, un syst\u00e8me de \u00ab bureaux de passage \u00bb sera mis en place pour permettre aux startups de d\u00e9velopper leur r\u00e9seau en dehors de leur r\u00e9gion d\u2019incubation.<\/li>\n<\/ul>\n<p>&nbsp;<\/p>\n<ul>\n<li>VEILLE COLLABORATIVE<br \/>\nMutualiser les outils de veille pour avoir une analyse approfondie des tendances de l\u2019innovation dans le domaine du tourisme \u00e0 l\u2019\u00e9chelle mondiale.<\/li>\n<\/ul>\n<p>&nbsp;<\/p>\n<ul>\n<li>FORMATION<br \/>\nMettre en place des journ\u00e9es de formation et d\u2019ateliers de r\u00e9flexion th\u00e9matiques pour mutualiser les m\u00e9thodologies et renforcer son expertise.<\/li>\n<\/ul>\n<p>&nbsp;<\/p>\n<ul>\n<li>COMMUNICATION, PROMOTION<br \/>\nFavoriser les synergies de communication en organisant des actions de promotion communes, en France et \u00e0 l\u2019international.<\/li>\n<\/ul>\n<p>&nbsp;<\/p>\n<ul>\n<li>EXP\u00c9RIMENTATION<br \/>\nD\u00e9velopper l\u2019innovation ouverte et l\u2019exp\u00e9rimentation n\u00e9cessaire aux jeunes entreprises innovantes accompagn\u00e9es au sein du r\u00e9seau, en favorisant la rencontre et les relations commerciales avec les entreprises traditionnelles du tourisme.<\/li>\n<\/ul>\n<p>&nbsp;<\/p>\n<ul>\n<li>INTERNATIONAL<br \/>\nPromouvoir les startups et les structures d\u2019accompagnement membres du r\u00e9seau, par des actions communes \u00e0 l\u2019international.<\/li>\n<\/ul>\n<p>[\/vc_column_text][vc_empty_space height=\u00a0\u00bb20px\u00a0\u00bb][vc_separator type=\u00a0\u00bbnormal\u00a0\u00bb][vc_column_text]<\/p>\n<h3>Un protocole de partenariat entre le MT Lab et France Tourisme Lab sign\u00e9 en fin d&rsquo;ann\u00e9e 2018<\/h3>\n<p>[\/vc_column_text][vc_empty_space height=\u00a0\u00bb20px\u00a0\u00bb][vc_column_text]<\/p>\n<h5><\/h5>\n<p><img fetchpriority=\"high\" decoding=\"async\" class=\"alignleft wp-image-16739\" src=\"https:\/\/www.slow-tourisme-lab.fr\/assets\/uploads\/sites\/50\/2019\/03\/MT-Lab-et-France-tourisme-Lab-225x300.jpg\" alt=\"\" width=\"200\" height=\"267\" srcset=\"https:\/\/www.slow-tourisme-lab.fr\/assets\/uploads\/sites\/50\/2019\/03\/MT-Lab-et-France-tourisme-Lab-225x300.jpg 225w, https:\/\/www.slow-tourisme-lab.fr\/assets\/uploads\/sites\/50\/2019\/03\/MT-Lab-et-France-tourisme-Lab.jpg 480w\" sizes=\"(max-width: 200px) 100vw, 200px\" \/>En pr\u00e9sence de Madame Catherine Feuillet, Consule g\u00e9n\u00e9rale de France \u00e0 Montr\u00e9al, le MT Lab et France Tourisme Lab ont sign\u00e9 un Protocole de partenariat, confirmant ainsi leur ambition de <strong>\u00ab\u00a0<em>d\u00e9velopper des relations de travail p\u00e9rennes, favoriser l\u2019\u00e9change de bonnes pratiques et l\u2019accueil r\u00e9ciproque de startups dans un \u00ab esprit r\u00e9seau<\/em> \u00bb,\u00a0 \u00ab\u00a0<em>pour porter l\u2019innovation touristique et favoriser la r\u00e9ussite de la nouvelle g\u00e9n\u00e9ration d\u2019entrepreneurs du tourisme fran\u00e7ais et canadien<\/em>\u00a0\u00bb<\/strong>.<\/p>\n<p>&nbsp;<\/p>\n<p><a href=\"https:\/\/mtlab.ca\/fr\/\" target=\"_blank\" rel=\"noopener noreferrer\">Le MT Lab<\/a>[\/vc_column_text][\/vc_column][\/vc_row][vc_row css_animation=\u00a0\u00bb\u00a0\u00bb row_type=\u00a0\u00bbrow\u00a0\u00bb use_row_as_full_screen_section=\u00a0\u00bbno\u00a0\u00bb type=\u00a0\u00bbfull_width\u00a0\u00bb angled_section=\u00a0\u00bbno\u00a0\u00bb text_align=\u00a0\u00bbleft\u00a0\u00bb background_image_as_pattern=\u00a0\u00bbwithout_pattern\u00a0\u00bb][vc_column][vc_column_text]<\/p>\n<h4><strong>Votre contact<br \/>\nDGE &#8211; Sous-Direction du Tourisme<br \/>\n<\/strong><\/h4>\n<p><strong><br \/>\nAnne-Marie MICHAUX<\/strong><\/p>\n<p>Chef du P\u00f4le projets innovants et animation de r\u00e9seaux<br \/>\nChef de projet France Tourisme Lab<\/p>\n<p><a href=\"mailto:anne-marie.michaux@finances.gouv.fr\" target=\"_blank\" rel=\"noopener noreferrer\">anne-marie.michaux@finances.gouv.fr<\/a>[\/vc_column_text][\/vc_column][\/vc_row]<\/p>\n<\/div>","protected":false},"excerpt":{"rendered":"<p>[vc_row css_animation=\u00a0\u00bb\u00a0\u00bb row_type=\u00a0\u00bbrow\u00a0\u00bb use_row_as_full_screen_section=\u00a0\u00bbno\u00a0\u00bb type=\u00a0\u00bbfull_width\u00a0\u00bb angled_section=\u00a0\u00bbno\u00a0\u00bb text_align=\u00a0\u00bbleft\u00a0\u00bb background_image_as_pattern=\u00a0\u00bbwithout_pattern\u00a0\u00bb][vc_column][vc_gallery type=\u00a0\u00bbimage_grid\u00a0\u00bb images=\u00a0\u00bb16071,16073,16075,16085&Prime; img_size=\u00a0\u00bbmedium\u00a0\u00bb onclick=\u00a0\u00bb\u00a0\u00bb css_animation=\u00a0\u00bbzoomInDown\u00a0\u00bb column_number=\u00a0\u00bb4&Prime; grayscale=\u00a0\u00bbno\u00a0\u00bb images_space=\u00a0\u00bbgallery_with_space\u00a0\u00bb][vc_empty_space height=\u00a0\u00bb20px\u00a0\u00bb][\/vc_column][\/vc_row][vc_row css_animation=\u00a0\u00bb\u00a0\u00bb row_type=\u00a0\u00bbrow\u00a0\u00bb use_row_as_full_screen_section=\u00a0\u00bbno\u00a0\u00bb type=\u00a0\u00bbfull_width\u00a0\u00bb angled_section=\u00a0\u00bbno\u00a0\u00bb text_align=\u00a0\u00bbleft\u00a0\u00bb background_image_as_pattern=\u00a0\u00bbwithout_pattern\u00a0\u00bb][vc_column][vc_column_text]Le Slow Tourisme Lab est membre du r\u00e9seau national France Tourisme Lab. &nbsp; Lanc\u00e9 en 2016 par la Direction G\u00e9n\u00e9rale des Entreprises&#8230;<\/p>\n","protected":false},"author":16,"featured_media":0,"parent":0,"menu_order":0,"comment_status":"closed","ping_status":"closed","template":"","meta":{"footnotes":""},"class_list":["post-16068","page","type-page","status-publish","hentry"],"yoast_head":"<!-- This site is optimized with the Yoast SEO plugin v26.6 - https:\/\/yoast.com\/wordpress\/plugins\/seo\/ -->\n<title>Le r\u00e9seau France Tourisme Lab - Slow Tourisme Lab<\/title>\n<meta name=\"robots\" content=\"index, follow, max-snippet:-1, max-image-preview:large, max-video-preview:-1\" \/>\n<link rel=\"canonical\" href=\"https:\/\/www.slow-tourisme-lab.fr\/fr\/le-reseau-france-tourisme-lab\/\" \/>\n<meta property=\"og:locale\" content=\"fr_FR\" \/>\n<meta property=\"og:type\" content=\"article\" \/>\n<meta property=\"og:title\" content=\"Le r\u00e9seau France Tourisme Lab - Slow Tourisme Lab\" \/>\n<meta property=\"og:description\" content=\"[vc_row css_animation=\u00a0\u00bb\u00a0\u00bb row_type=\u00a0\u00bbrow\u00a0\u00bb use_row_as_full_screen_section=\u00a0\u00bbno\u00a0\u00bb type=\u00a0\u00bbfull_width\u00a0\u00bb angled_section=\u00a0\u00bbno\u00a0\u00bb text_align=\u00a0\u00bbleft\u00a0\u00bb background_image_as_pattern=\u00a0\u00bbwithout_pattern\u00a0\u00bb][vc_column][vc_gallery type=\u00a0\u00bbimage_grid\u00a0\u00bb images=\u00a0\u00bb16071,16073,16075,16085&Prime; img_size=\u00a0\u00bbmedium\u00a0\u00bb onclick=\u00a0\u00bb\u00a0\u00bb css_animation=\u00a0\u00bbzoomInDown\u00a0\u00bb column_number=\u00a0\u00bb4&Prime; grayscale=\u00a0\u00bbno\u00a0\u00bb images_space=\u00a0\u00bbgallery_with_space\u00a0\u00bb][vc_empty_space height=\u00a0\u00bb20px\u00a0\u00bb][\/vc_column][\/vc_row][vc_row css_animation=\u00a0\u00bb\u00a0\u00bb row_type=\u00a0\u00bbrow\u00a0\u00bb use_row_as_full_screen_section=\u00a0\u00bbno\u00a0\u00bb type=\u00a0\u00bbfull_width\u00a0\u00bb angled_section=\u00a0\u00bbno\u00a0\u00bb text_align=\u00a0\u00bbleft\u00a0\u00bb background_image_as_pattern=\u00a0\u00bbwithout_pattern\u00a0\u00bb][vc_column][vc_column_text]Le Slow Tourisme Lab est membre du r\u00e9seau national France Tourisme Lab. &nbsp; Lanc\u00e9 en 2016 par la Direction G\u00e9n\u00e9rale des Entreprises...\" \/>\n<meta property=\"og:url\" content=\"https:\/\/www.slow-tourisme-lab.fr\/fr\/le-reseau-france-tourisme-lab\/\" \/>\n<meta property=\"og:site_name\" content=\"Slow Tourisme Lab\" \/>\n<meta property=\"article:modified_time\" content=\"2021-11-15T14:37:37+00:00\" \/>\n<meta property=\"og:image\" content=\"https:\/\/slowtourismelab-www.v3.mobylee.com\/assets\/uploads\/sites\/50\/2019\/03\/MT-Lab-et-France-tourisme-Lab-225x300.jpg\" \/>\n<meta name=\"twitter:card\" content=\"summary_large_image\" \/>\n<meta name=\"twitter:label1\" content=\"Dur\u00e9e de lecture estim\u00e9e\" \/>\n\t<meta name=\"twitter:data1\" content=\"5 minutes\" \/>\n<script type=\"application\/ld+json\" class=\"yoast-schema-graph\">{\"@context\":\"https:\/\/schema.org\",\"@graph\":[{\"@type\":\"WebPage\",\"@id\":\"https:\/\/www.slow-tourisme-lab.fr\/fr\/le-reseau-france-tourisme-lab\/\",\"url\":\"https:\/\/www.slow-tourisme-lab.fr\/fr\/le-reseau-france-tourisme-lab\/\",\"name\":\"Le r\u00e9seau France Tourisme Lab - Slow Tourisme Lab\",\"isPartOf\":{\"@id\":\"https:\/\/www.slow-tourisme-lab.fr\/fr\/#website\"},\"primaryImageOfPage\":{\"@id\":\"https:\/\/www.slow-tourisme-lab.fr\/fr\/le-reseau-france-tourisme-lab\/#primaryimage\"},\"image\":{\"@id\":\"https:\/\/www.slow-tourisme-lab.fr\/fr\/le-reseau-france-tourisme-lab\/#primaryimage\"},\"thumbnailUrl\":\"https:\/\/slowtourismelab-www.v3.mobylee.com\/assets\/uploads\/sites\/50\/2019\/03\/MT-Lab-et-France-tourisme-Lab-225x300.jpg\",\"datePublished\":\"2019-02-25T15:23:30+00:00\",\"dateModified\":\"2021-11-15T14:37:37+00:00\",\"breadcrumb\":{\"@id\":\"https:\/\/www.slow-tourisme-lab.fr\/fr\/le-reseau-france-tourisme-lab\/#breadcrumb\"},\"inLanguage\":\"fr-FR\",\"potentialAction\":[{\"@type\":\"ReadAction\",\"target\":[\"https:\/\/www.slow-tourisme-lab.fr\/fr\/le-reseau-france-tourisme-lab\/\"]}]},{\"@type\":\"ImageObject\",\"inLanguage\":\"fr-FR\",\"@id\":\"https:\/\/www.slow-tourisme-lab.fr\/fr\/le-reseau-france-tourisme-lab\/#primaryimage\",\"url\":\"https:\/\/slowtourismelab-www.v3.mobylee.com\/assets\/uploads\/sites\/50\/2019\/03\/MT-Lab-et-France-tourisme-Lab-225x300.jpg\",\"contentUrl\":\"https:\/\/slowtourismelab-www.v3.mobylee.com\/assets\/uploads\/sites\/50\/2019\/03\/MT-Lab-et-France-tourisme-Lab-225x300.jpg\"},{\"@type\":\"BreadcrumbList\",\"@id\":\"https:\/\/www.slow-tourisme-lab.fr\/fr\/le-reseau-france-tourisme-lab\/#breadcrumb\",\"itemListElement\":[{\"@type\":\"ListItem\",\"position\":1,\"name\":\"Accueil\",\"item\":\"https:\/\/www.slow-tourisme-lab.fr\/fr\/\"},{\"@type\":\"ListItem\",\"position\":2,\"name\":\"Le r\u00e9seau France Tourisme Lab\"}]},{\"@type\":\"WebSite\",\"@id\":\"https:\/\/www.slow-tourisme-lab.fr\/fr\/#website\",\"url\":\"https:\/\/www.slow-tourisme-lab.fr\/fr\/\",\"name\":\"Slow Tourisme Lab\",\"description\":\"Un accompagnement pour l'innovation touristique durable\",\"potentialAction\":[{\"@type\":\"SearchAction\",\"target\":{\"@type\":\"EntryPoint\",\"urlTemplate\":\"https:\/\/www.slow-tourisme-lab.fr\/fr\/?s={search_term_string}\"},\"query-input\":{\"@type\":\"PropertyValueSpecification\",\"valueRequired\":true,\"valueName\":\"search_term_string\"}}],\"inLanguage\":\"fr-FR\"}]}<\/script>\n<!-- \/ Yoast SEO plugin. -->","yoast_head_json":{"title":"Le r\u00e9seau France Tourisme Lab - Slow Tourisme Lab","robots":{"index":"index","follow":"follow","max-snippet":"max-snippet:-1","max-image-preview":"max-image-preview:large","max-video-preview":"max-video-preview:-1"},"canonical":"https:\/\/www.slow-tourisme-lab.fr\/fr\/le-reseau-france-tourisme-lab\/","og_locale":"fr_FR","og_type":"article","og_title":"Le r\u00e9seau France Tourisme Lab - Slow Tourisme Lab","og_description":"[vc_row css_animation=\u00a0\u00bb\u00a0\u00bb row_type=\u00a0\u00bbrow\u00a0\u00bb use_row_as_full_screen_section=\u00a0\u00bbno\u00a0\u00bb type=\u00a0\u00bbfull_width\u00a0\u00bb angled_section=\u00a0\u00bbno\u00a0\u00bb text_align=\u00a0\u00bbleft\u00a0\u00bb background_image_as_pattern=\u00a0\u00bbwithout_pattern\u00a0\u00bb][vc_column][vc_gallery type=\u00a0\u00bbimage_grid\u00a0\u00bb images=\u00a0\u00bb16071,16073,16075,16085&Prime; img_size=\u00a0\u00bbmedium\u00a0\u00bb onclick=\u00a0\u00bb\u00a0\u00bb css_animation=\u00a0\u00bbzoomInDown\u00a0\u00bb column_number=\u00a0\u00bb4&Prime; grayscale=\u00a0\u00bbno\u00a0\u00bb images_space=\u00a0\u00bbgallery_with_space\u00a0\u00bb][vc_empty_space height=\u00a0\u00bb20px\u00a0\u00bb][\/vc_column][\/vc_row][vc_row css_animation=\u00a0\u00bb\u00a0\u00bb row_type=\u00a0\u00bbrow\u00a0\u00bb use_row_as_full_screen_section=\u00a0\u00bbno\u00a0\u00bb type=\u00a0\u00bbfull_width\u00a0\u00bb angled_section=\u00a0\u00bbno\u00a0\u00bb text_align=\u00a0\u00bbleft\u00a0\u00bb background_image_as_pattern=\u00a0\u00bbwithout_pattern\u00a0\u00bb][vc_column][vc_column_text]Le Slow Tourisme Lab est membre du r\u00e9seau national France Tourisme Lab. &nbsp; Lanc\u00e9 en 2016 par la Direction G\u00e9n\u00e9rale des Entreprises...","og_url":"https:\/\/www.slow-tourisme-lab.fr\/fr\/le-reseau-france-tourisme-lab\/","og_site_name":"Slow Tourisme Lab","article_modified_time":"2021-11-15T14:37:37+00:00","og_image":[{"url":"https:\/\/slowtourismelab-www.v3.mobylee.com\/assets\/uploads\/sites\/50\/2019\/03\/MT-Lab-et-France-tourisme-Lab-225x300.jpg","type":"","width":"","height":""}],"twitter_card":"summary_large_image","twitter_misc":{"Dur\u00e9e de lecture estim\u00e9e":"5 minutes"},"schema":{"@context":"https:\/\/schema.org","@graph":[{"@type":"WebPage","@id":"https:\/\/www.slow-tourisme-lab.fr\/fr\/le-reseau-france-tourisme-lab\/","url":"https:\/\/www.slow-tourisme-lab.fr\/fr\/le-reseau-france-tourisme-lab\/","name":"Le r\u00e9seau France Tourisme Lab - Slow Tourisme Lab","isPartOf":{"@id":"https:\/\/www.slow-tourisme-lab.fr\/fr\/#website"},"primaryImageOfPage":{"@id":"https:\/\/www.slow-tourisme-lab.fr\/fr\/le-reseau-france-tourisme-lab\/#primaryimage"},"image":{"@id":"https:\/\/www.slow-tourisme-lab.fr\/fr\/le-reseau-france-tourisme-lab\/#primaryimage"},"thumbnailUrl":"https:\/\/slowtourismelab-www.v3.mobylee.com\/assets\/uploads\/sites\/50\/2019\/03\/MT-Lab-et-France-tourisme-Lab-225x300.jpg","datePublished":"2019-02-25T15:23:30+00:00","dateModified":"2021-11-15T14:37:37+00:00","breadcrumb":{"@id":"https:\/\/www.slow-tourisme-lab.fr\/fr\/le-reseau-france-tourisme-lab\/#breadcrumb"},"inLanguage":"fr-FR","potentialAction":[{"@type":"ReadAction","target":["https:\/\/www.slow-tourisme-lab.fr\/fr\/le-reseau-france-tourisme-lab\/"]}]},{"@type":"ImageObject","inLanguage":"fr-FR","@id":"https:\/\/www.slow-tourisme-lab.fr\/fr\/le-reseau-france-tourisme-lab\/#primaryimage","url":"https:\/\/slowtourismelab-www.v3.mobylee.com\/assets\/uploads\/sites\/50\/2019\/03\/MT-Lab-et-France-tourisme-Lab-225x300.jpg","contentUrl":"https:\/\/slowtourismelab-www.v3.mobylee.com\/assets\/uploads\/sites\/50\/2019\/03\/MT-Lab-et-France-tourisme-Lab-225x300.jpg"},{"@type":"BreadcrumbList","@id":"https:\/\/www.slow-tourisme-lab.fr\/fr\/le-reseau-france-tourisme-lab\/#breadcrumb","itemListElement":[{"@type":"ListItem","position":1,"name":"Accueil","item":"https:\/\/www.slow-tourisme-lab.fr\/fr\/"},{"@type":"ListItem","position":2,"name":"Le r\u00e9seau France Tourisme Lab"}]},{"@type":"WebSite","@id":"https:\/\/www.slow-tourisme-lab.fr\/fr\/#website","url":"https:\/\/www.slow-tourisme-lab.fr\/fr\/","name":"Slow Tourisme Lab","description":"Un accompagnement pour l'innovation touristique durable","potentialAction":[{"@type":"SearchAction","target":{"@type":"EntryPoint","urlTemplate":"https:\/\/www.slow-tourisme-lab.fr\/fr\/?s={search_term_string}"},"query-input":{"@type":"PropertyValueSpecification","valueRequired":true,"valueName":"search_term_string"}}],"inLanguage":"fr-FR"}]}},"_links":{"self":[{"href":"https:\/\/www.slow-tourisme-lab.fr\/fr\/wp-json\/wp\/v2\/pages\/16068\/"}],"collection":[{"href":"https:\/\/www.slow-tourisme-lab.fr\/fr\/wp-json\/wp\/v2\/pages\/"}],"about":[{"href":"https:\/\/www.slow-tourisme-lab.fr\/fr\/wp-json\/wp\/v2\/types\/page\/"}],"author":[{"embeddable":true,"href":"https:\/\/www.slow-tourisme-lab.fr\/fr\/wp-json\/wp\/v2\/users\/16\/"}],"replies":[{"embeddable":true,"href":"https:\/\/www.slow-tourisme-lab.fr\/fr\/wp-json\/wp\/v2\/comments\/?post=16068"}],"version-history":[{"count":5,"href":"https:\/\/www.slow-tourisme-lab.fr\/fr\/wp-json\/wp\/v2\/pages\/16068\/revisions\/"}],"predecessor-version":[{"id":19638,"href":"https:\/\/www.slow-tourisme-lab.fr\/fr\/wp-json\/wp\/v2\/pages\/16068\/revisions\/19638\/"}],"wp:attachment":[{"href":"https:\/\/www.slow-tourisme-lab.fr\/fr\/wp-json\/wp\/v2\/media\/?parent=16068"}],"curies":[{"name":"wp","href":"https:\/\/api.w.org\/{rel}","templated":true}]}}